{"id":780,"date":"2018-08-31T15:14:43","date_gmt":"2018-08-31T18:14:43","guid":{"rendered":"https:\/\/ies6001-sal.infd.edu.ar\/sitio\/autoridades\/"},"modified":"2024-10-01T21:11:49","modified_gmt":"2024-10-02T00:11:49","slug":"autoridades","status":"publish","type":"page","link":"https:\/\/ies6001-sal.infd.edu.ar\/sitio\/autoridades\/","title":{"rendered":"Autoridades"},"content":{"rendered":"<p><span style=\"color: #ff9900; font-family: arial, helvetica, sans-serif; font-size: medium;\"><strong>Directivos de la Instituci\u00f3n:<\/strong><\/span><\/p>\n<p><span style=\"color: #000000; font-family: arial, helvetica, sans-serif; font-size: 14pt;\"><strong>Rectora: Prof. Natalia Alfonsina Barraza\u00a0<\/strong><\/span><\/p>\n<p><span style=\"color: #ff9900; font-family: arial, helvetica, sans-serif; font-size: medium;\"><strong>Coordinadores de Carrera:<\/strong><\/span><\/p>\n<p><span style=\"color: #000000; font-family: arial,helvetica,sans-serif; font-size: medium;\"><b style=\"color: #000000; font-family: arial, helvetica, sans-serif; font-size: medium;\">Profesorado en <\/b><span style=\"color: #000000; font-family: arial, helvetica, sans-serif; font-size: medium;\"><b>Educaci\u00f3n<\/b><\/span><b style=\"color: #000000; font-family: arial, helvetica, sans-serif; font-size: medium;\"> Primaria: <\/b><span style=\"color: #000000; font-family: arial, helvetica, sans-serif; font-size: medium;\">Prof. Natalia Autino<\/span><\/span><\/p>\n<p><span style=\"color: #000000; font-family: arial,helvetica,sans-serif; font-size: medium;\"><b style=\"color: #000000; font-family: arial, helvetica, sans-serif; font-size: medium;\">Profesorado en Ciencia <\/b><span style=\"color: #000000; font-family: arial, helvetica, sans-serif; font-size: medium;\"><b>Pol\u00edtica<\/b><\/span><b style=\"color: #000000; font-family: arial, helvetica, sans-serif; font-size: medium;\">:<\/b><span style=\"color: #000000; font-family: arial, helvetica, sans-serif; font-size: medium;\"> Prof. \u00c1ngel\u00a0Tolaba<\/span><\/span><\/p>\n<p><span style=\"color: #000000; font-family: arial,helvetica,sans-serif; font-size: medium;\"><b style=\"color: #000000; font-family: arial, helvetica, sans-serif; font-size: medium;\">Profesorado en <\/b><span style=\"color: #000000; font-family: arial, helvetica, sans-serif; font-size: medium;\"><b>Tecnolog\u00eda<\/b><\/span><b style=\"color: #000000; font-family: arial, helvetica, sans-serif; font-size: medium;\">:<\/b><span style=\"color: #000000; font-family: arial, helvetica, sans-serif; font-size: medium;\"> Prof. Ana Carolina Maza<\/span><\/span><\/p>\n<p><span style=\"color: #000000; font-family: arial,helvetica,sans-serif; font-size: medium;\"><b style=\"color: #000000; font-family: arial, helvetica, sans-serif; font-size: medium;\">Tecnicatura en <\/b><span style=\"color: #000000; font-family: arial, helvetica, sans-serif; font-size: medium;\"><b>Bibliotecolog\u00eda<\/b><\/span><b style=\"color: #000000; font-family: arial, helvetica, sans-serif; font-size: medium;\">:<\/b><span style=\"color: #000000; font-family: arial, helvetica, sans-serif; font-size: medium;\"> Prof. Rossana Villagra<\/span><\/span><\/p>\n<p><span style=\"color: #000000; font-family: arial,helvetica,sans-serif; font-size: medium;\"><b style=\"color: #000000; font-family: arial, helvetica, sans-serif; font-size: medium;\">Tecnicatura en <\/b><span style=\"color: #000000; font-family: arial, helvetica, sans-serif; font-size: medium;\"><b>Inform\u00e1tica<\/b><\/span><b style=\"color: #000000; font-family: arial, helvetica, sans-serif; font-size: medium;\">: <\/b><span style=\"color: #000000; font-family: arial, helvetica, sans-serif; font-size: medium;\">Lic. Raquel Aquino<\/span><br \/>\n<\/span><\/p>\n<p><span style=\"color: #ff9900;\"><strong><span style=\"font-family: arial, helvetica, sans-serif; font-size: medium;\">Encargados de Gabinete<\/span><\/strong><\/span><\/p>\n<p><span style=\"color: #000000; font-family: arial,helvetica,sans-serif; font-size: medium;\">Sr. V\u00edctor Dar\u00edo Castillo<\/span><\/p>\n","protected":false},"excerpt":{"rendered":"<p>Directivos de la Instituci\u00f3n: Rectora: Prof. Natalia Alfonsina Barraza\u00a0 Coordinadores de Carrera: Profesorado en Educaci\u00f3n Primaria: Prof. Natalia Autino Profesorado en Ciencia Pol\u00edtica: Prof. \u00c1ngel\u00a0Tolaba Profesorado en Tecnolog\u00eda: Prof. Ana Carolina Maza Tecnicatura en Bibliotecolog\u00eda: Prof. Rossana Villagra Tecnicatura en Inform\u00e1tica: Lic. Raquel Aquino Encargados de Gabinete Sr. V\u00edctor Dar\u00edo Castillo<\/p>\n","protected":false},"author":395,"featured_media":0,"parent":0,"menu_order":0,"comment_status":"closed","ping_status":"closed","template":"","meta":[],"acf":[],"_links":{"self":[{"href":"https:\/\/ies6001-sal.infd.edu.ar\/sitio\/wp-json\/wp\/v2\/pages\/780"}],"collection":[{"href":"https:\/\/ies6001-sal.infd.edu.ar\/sitio\/wp-json\/wp\/v2\/pages"}],"about":[{"href":"https:\/\/ies6001-sal.infd.edu.ar\/sitio\/wp-json\/wp\/v2\/types\/page"}],"author":[{"embeddable":true,"href":"https:\/\/ies6001-sal.infd.edu.ar\/sitio\/wp-json\/wp\/v2\/users\/395"}],"replies":[{"embeddable":true,"href":"https:\/\/ies6001-sal.infd.edu.ar\/sitio\/wp-json\/wp\/v2\/comments?post=780"}],"version-history":[{"count":8,"href":"https:\/\/ies6001-sal.infd.edu.ar\/sitio\/wp-json\/wp\/v2\/pages\/780\/revisions"}],"predecessor-version":[{"id":963,"href":"https:\/\/ies6001-sal.infd.edu.ar\/sitio\/wp-json\/wp\/v2\/pages\/780\/revisions\/963"}],"wp:attachment":[{"href":"https:\/\/ies6001-sal.infd.edu.ar\/sitio\/wp-json\/wp\/v2\/media?parent=780"}],"curies":[{"name":"wp","href":"https:\/\/api.w.org\/{rel}","templated":true}]}}